{"id":8316,"date":"2023-05-11T11:38:21","date_gmt":"2023-05-11T10:38:21","guid":{"rendered":"https:\/\/v2023.optimum-bs.com\/?page_id=8316"},"modified":"2026-02-23T10:09:15","modified_gmt":"2026-02-23T09:09:15","slug":"gestion-des-temps","status":"publish","type":"page","link":"https:\/\/www.kartosa.com\/fr\/gestion-des-temps\/","title":{"rendered":"Gestion des temps"},"content":{"rendered":"\t\t<div data-elementor-type=\"wp-page\" data-elementor-id=\"8316\" class=\"elementor elementor-8316\" data-elementor-post-type=\"page\">\n\t\t\t\t\t\t<section class=\"elementor-section elementor-top-section elementor-element elementor-element-f232f55 elementor-section-stretched elementor-section-boxed elementor-section-height-default elementor-section-height-default rt-parallax-bg-no\" data-id=\"f232f55\" data-element_type=\"section\" data-e-type=\"section\" data-settings=\"{&quot;stretch_section&quot;:&quot;section-stretched&quot;,&quot;background_background&quot;:&quot;classic&quot;}\">\n\t\t\t\t\t\t\t<div class=\"elementor-background-overlay\"><\/div>\n\t\t\t\t\t\t\t<div class=\"elementor-container elementor-column-gap-default\">\n\t\t\t\t\t<div class=\"elementor-column elementor-col-100 elementor-top-column elementor-element elementor-element-4f5a2e0\" data-id=\"4f5a2e0\" data-element_type=\"column\" data-e-type=\"column\" data-settings=\"{&quot;animation&quot;:&quot;none&quot;}\">\n\t\t\t<div class=\"elementor-widget-wrap elementor-element-populated\">\n\t\t\t\t\t\t<div class=\"elementor-element elementor-element-0bbd1ca elementor-widget elementor-widget-rt-About-image-text\" data-id=\"0bbd1ca\" data-element_type=\"widget\" data-e-type=\"widget\" data-widget_type=\"rt-About-image-text.default\">\n\t\t\t\t<div class=\"elementor-widget-container\">\n\t\t\t\t\t<div class=\"about-image-text about-layout-style1\">\n\t<div class=\"row\">\n\t\t<div class=\"col-lg-7 d-flex align-items-center order-lg-2\">\n\t\t\t<div class=\"about-content\">\n\t\t\t\t\t\t\t\t\t\t\t\t<h2 class=\"rtin-title\">Optimiser la gestion des absences avec Time Off : Une solution intuitive et performante <\/h2>\n\t\t\t\t\t\t\t\t<div class=\"rtin-content\"><p style=\"text-align: left\">La gestion des absences dans une entreprise repr\u00e9sente un enjeu majeur pour les ressources humaines. Que ce soit pour des cong\u00e9s pay\u00e9s, des RTT, des absences pour maladie ou des \u00e9v\u00e9nements familiaux, la gestion des absences peut vite devenir un casse-t\u00eate si elle n\u2019est pas bien structur\u00e9e.<\/p><p>Time Off, la solution propos\u00e9e par Kartosa, vient simplifier cette t\u00e2che, permettant aux entreprises d\u2019optimiser leur gestion des cong\u00e9s et de r\u00e9duire la charge administrative tout en garantissant une totale conformit\u00e9 avec les r\u00e8gles internes et l\u00e9gales.<\/p><\/div>\n\t\t\t\t\t\t\t<\/div>\n\t\t<\/div>\n\t\t<div class=\"col-lg-5 order-lg-1\">\n\t\t\t<div class=\"about-image\">\n\t\t\t\t<img fetchpriority=\"high\" decoding=\"async\" width=\"1024\" height=\"684\" src=\"https:\/\/www.kartosa.com\/wp-content\/uploads\/2025\/10\/homme-utilisant-un-smartphone-et-verifiant-l-heure-1024x684.jpg\" class=\"attachment-large size-large wp-image-11083\" alt=\"\" srcset=\"https:\/\/www.kartosa.com\/wp-content\/uploads\/2025\/10\/homme-utilisant-un-smartphone-et-verifiant-l-heure-1024x684.jpg 1024w, https:\/\/www.kartosa.com\/wp-content\/uploads\/2025\/10\/homme-utilisant-un-smartphone-et-verifiant-l-heure-300x200.jpg 300w, https:\/\/www.kartosa.com\/wp-content\/uploads\/2025\/10\/homme-utilisant-un-smartphone-et-verifiant-l-heure-768x513.jpg 768w, https:\/\/www.kartosa.com\/wp-content\/uploads\/2025\/10\/homme-utilisant-un-smartphone-et-verifiant-l-heure-1536x1025.jpg 1536w, https:\/\/www.kartosa.com\/wp-content\/uploads\/2025\/10\/homme-utilisant-un-smartphone-et-verifiant-l-heure-2048x1367.jpg 2048w, https:\/\/www.kartosa.com\/wp-content\/uploads\/2025\/10\/homme-utilisant-un-smartphone-et-verifiant-l-heure-18x12.jpg 18w\" sizes=\"(max-width: 1024px) 100vw, 1024px\" \/>\t\t\t\t\n\t\t\t<\/div>\n\t\t<\/div>\n\t<\/div>\n<\/div>\t\t\t\t<\/div>\n\t\t\t\t<\/div>\n\t\t\t\t<div class=\"elementor-element elementor-element-2e71a3f elementor-widget elementor-widget-spacer\" data-id=\"2e71a3f\" data-element_type=\"widget\" data-e-type=\"widget\" data-widget_type=\"spacer.default\">\n\t\t\t\t\t\t\t<div class=\"elementor-spacer\">\n\t\t\t<div class=\"elementor-spacer-inner\"><\/div>\n\t\t<\/div>\n\t\t\t\t\t\t<\/div>\n\t\t\t\t<div class=\"elementor-element elementor-element-bd9f01b elementor-widget elementor-widget-heading\" data-id=\"bd9f01b\" data-element_type=\"widget\" data-e-type=\"widget\" data-widget_type=\"heading.default\">\n\t\t\t\t\t<h3 class=\"elementor-heading-title elementor-size-default\">Les avantages de Time Off<\/h3>\t\t\t\t<\/div>\n\t\t\t\t<section class=\"elementor-section elementor-inner-section elementor-element elementor-element-a67d3ba elementor-section-boxed elementor-section-height-default elementor-section-height-default rt-parallax-bg-no\" data-id=\"a67d3ba\" data-element_type=\"section\" data-e-type=\"section\">\n\t\t\t\t\t\t<div class=\"elementor-container elementor-column-gap-default\">\n\t\t\t\t\t<div class=\"elementor-column elementor-col-50 elementor-inner-column elementor-element elementor-element-5d4ce19\" data-id=\"5d4ce19\" data-element_type=\"column\" data-e-type=\"column\">\n\t\t\t<div class=\"elementor-widget-wrap elementor-element-populated\">\n\t\t\t\t\t\t<div class=\"elementor-element elementor-element-515cb39 elementor-widget elementor-widget-accordion\" data-id=\"515cb39\" data-element_type=\"widget\" data-e-type=\"widget\" data-settings=\"{&quot;_animation&quot;:&quot;none&quot;}\" data-widget_type=\"accordion.default\">\n\t\t\t\t\t\t\t<div class=\"elementor-accordion\">\n\t\t\t\t\t\t\t<div class=\"elementor-accordion-item\">\n\t\t\t\t\t<div id=\"elementor-tab-title-8531\" class=\"elementor-tab-title\" data-tab=\"1\" role=\"button\" aria-controls=\"elementor-tab-content-8531\" aria-expanded=\"false\">\n\t\t\t\t\t\t\t\t\t\t\t\t\t<span class=\"elementor-accordion-icon elementor-accordion-icon-left\" aria-hidden=\"true\">\n\t\t\t\t\t\t\t\t\t\t\t\t\t\t\t<span class=\"elementor-accordion-icon-closed\"><svg class=\"e-font-icon-svg e-fas-plus\" viewBox=\"0 0 448 512\" xmlns=\"http:\/\/www.w3.org\/2000\/svg\"><path d=\"M416 208H272V64c0-17.67-14.33-32-32-32h-32c-17.67 0-32 14.33-32 32v144H32c-17.67 0-32 14.33-32 32v32c0 17.67 14.33 32 32 32h144v144c0 17.67 14.33 32 32 32h32c17.67 0 32-14.33 32-32V304h144c17.67 0 32-14.33 32-32v-32c0-17.67-14.33-32-32-32z\"><\/path><\/svg><\/span>\n\t\t\t\t\t\t\t\t<span class=\"elementor-accordion-icon-opened\"><svg class=\"e-font-icon-svg e-fas-minus\" viewBox=\"0 0 448 512\" xmlns=\"http:\/\/www.w3.org\/2000\/svg\"><path d=\"M416 208H32c-17.67 0-32 14.33-32 32v32c0 17.67 14.33 32 32 32h384c17.67 0 32-14.33 32-32v-32c0-17.67-14.33-32-32-32z\"><\/path><\/svg><\/span>\n\t\t\t\t\t\t\t\t\t\t\t\t\t\t<\/span>\n\t\t\t\t\t\t\t\t\t\t\t\t<a class=\"elementor-accordion-title\" tabindex=\"0\">Automatisation des processus de gestion des cong\u00e9s<\/a>\n\t\t\t\t\t<\/div>\n\t\t\t\t\t<div id=\"elementor-tab-content-8531\" class=\"elementor-tab-content elementor-clearfix\" data-tab=\"1\" role=\"region\" aria-labelledby=\"elementor-tab-title-8531\"><p>L\u2019une des plus grandes forces de Time Off est l\u2019automatisation de tout le processus de gestion des cong\u00e9s. De la demande de cong\u00e9 \u00e0 son approbation, en passant par l\u2019enregistrement des dates, chaque \u00e9tape est g\u00e9r\u00e9e automatiquement, ce qui permet de gagner un temps consid\u00e9rable et d\u2019\u00e9viter les erreurs humaines.<\/p><\/div>\n\t\t\t\t<\/div>\n\t\t\t\t\t\t\t<div class=\"elementor-accordion-item\">\n\t\t\t\t\t<div id=\"elementor-tab-title-8532\" class=\"elementor-tab-title\" data-tab=\"2\" role=\"button\" aria-controls=\"elementor-tab-content-8532\" aria-expanded=\"false\">\n\t\t\t\t\t\t\t\t\t\t\t\t\t<span class=\"elementor-accordion-icon elementor-accordion-icon-left\" aria-hidden=\"true\">\n\t\t\t\t\t\t\t\t\t\t\t\t\t\t\t<span class=\"elementor-accordion-icon-closed\"><svg class=\"e-font-icon-svg e-fas-plus\" viewBox=\"0 0 448 512\" xmlns=\"http:\/\/www.w3.org\/2000\/svg\"><path d=\"M416 208H272V64c0-17.67-14.33-32-32-32h-32c-17.67 0-32 14.33-32 32v144H32c-17.67 0-32 14.33-32 32v32c0 17.67 14.33 32 32 32h144v144c0 17.67 14.33 32 32 32h32c17.67 0 32-14.33 32-32V304h144c17.67 0 32-14.33 32-32v-32c0-17.67-14.33-32-32-32z\"><\/path><\/svg><\/span>\n\t\t\t\t\t\t\t\t<span class=\"elementor-accordion-icon-opened\"><svg class=\"e-font-icon-svg e-fas-minus\" viewBox=\"0 0 448 512\" xmlns=\"http:\/\/www.w3.org\/2000\/svg\"><path d=\"M416 208H32c-17.67 0-32 14.33-32 32v32c0 17.67 14.33 32 32 32h384c17.67 0 32-14.33 32-32v-32c0-17.67-14.33-32-32-32z\"><\/path><\/svg><\/span>\n\t\t\t\t\t\t\t\t\t\t\t\t\t\t<\/span>\n\t\t\t\t\t\t\t\t\t\t\t\t<a class=\"elementor-accordion-title\" tabindex=\"0\">Automatisation des processus de gestion des cong\u00e9s<\/a>\n\t\t\t\t\t<\/div>\n\t\t\t\t\t<div id=\"elementor-tab-content-8532\" class=\"elementor-tab-content elementor-clearfix\" data-tab=\"2\" role=\"region\" aria-labelledby=\"elementor-tab-title-8532\"><p>L\u2019une des plus grandes forces de Time Off est l\u2019automatisation de tout le processus de gestion des cong\u00e9s. De la demande de cong\u00e9 \u00e0 son approbation, en passant par l\u2019enregistrement des dates, chaque \u00e9tape est g\u00e9r\u00e9e automatiquement, ce qui permet de gagner un temps consid\u00e9rable et d\u2019\u00e9viter les erreurs humaines.<\/p><\/div>\n\t\t\t\t<\/div>\n\t\t\t\t\t\t\t<div class=\"elementor-accordion-item\">\n\t\t\t\t\t<div id=\"elementor-tab-title-8533\" class=\"elementor-tab-title\" data-tab=\"3\" role=\"button\" aria-controls=\"elementor-tab-content-8533\" aria-expanded=\"false\">\n\t\t\t\t\t\t\t\t\t\t\t\t\t<span class=\"elementor-accordion-icon elementor-accordion-icon-left\" aria-hidden=\"true\">\n\t\t\t\t\t\t\t\t\t\t\t\t\t\t\t<span class=\"elementor-accordion-icon-closed\"><svg class=\"e-font-icon-svg e-fas-plus\" viewBox=\"0 0 448 512\" xmlns=\"http:\/\/www.w3.org\/2000\/svg\"><path d=\"M416 208H272V64c0-17.67-14.33-32-32-32h-32c-17.67 0-32 14.33-32 32v144H32c-17.67 0-32 14.33-32 32v32c0 17.67 14.33 32 32 32h144v144c0 17.67 14.33 32 32 32h32c17.67 0 32-14.33 32-32V304h144c17.67 0 32-14.33 32-32v-32c0-17.67-14.33-32-32-32z\"><\/path><\/svg><\/span>\n\t\t\t\t\t\t\t\t<span class=\"elementor-accordion-icon-opened\"><svg class=\"e-font-icon-svg e-fas-minus\" viewBox=\"0 0 448 512\" xmlns=\"http:\/\/www.w3.org\/2000\/svg\"><path d=\"M416 208H32c-17.67 0-32 14.33-32 32v32c0 17.67 14.33 32 32 32h384c17.67 0 32-14.33 32-32v-32c0-17.67-14.33-32-32-32z\"><\/path><\/svg><\/span>\n\t\t\t\t\t\t\t\t\t\t\t\t\t\t<\/span>\n\t\t\t\t\t\t\t\t\t\t\t\t<a class=\"elementor-accordion-title\" tabindex=\"0\">Transparence et visibilit\u00e9<\/a>\n\t\t\t\t\t<\/div>\n\t\t\t\t\t<div id=\"elementor-tab-content-8533\" class=\"elementor-tab-content elementor-clearfix\" data-tab=\"3\" role=\"region\" aria-labelledby=\"elementor-tab-title-8533\"><p>La solution offre \u00e0 la fois aux collaborateurs et aux managers une visibilit\u00e9 en temps r\u00e9el sur les soldes de cong\u00e9s, les demandes en cours et l\u2019historique des absences. Cela permet une gestion proactive, de mieux planifier les p\u00e9riodes de cong\u00e9 et d&rsquo;\u00e9viter les doublons ou les absences non pr\u00e9vues, tout en facilitant la communication interne.<\/p><\/div>\n\t\t\t\t<\/div>\n\t\t\t\t\t\t\t<div class=\"elementor-accordion-item\">\n\t\t\t\t\t<div id=\"elementor-tab-title-8534\" class=\"elementor-tab-title\" data-tab=\"4\" role=\"button\" aria-controls=\"elementor-tab-content-8534\" aria-expanded=\"false\">\n\t\t\t\t\t\t\t\t\t\t\t\t\t<span class=\"elementor-accordion-icon elementor-accordion-icon-left\" aria-hidden=\"true\">\n\t\t\t\t\t\t\t\t\t\t\t\t\t\t\t<span class=\"elementor-accordion-icon-closed\"><svg class=\"e-font-icon-svg e-fas-plus\" viewBox=\"0 0 448 512\" xmlns=\"http:\/\/www.w3.org\/2000\/svg\"><path d=\"M416 208H272V64c0-17.67-14.33-32-32-32h-32c-17.67 0-32 14.33-32 32v144H32c-17.67 0-32 14.33-32 32v32c0 17.67 14.33 32 32 32h144v144c0 17.67 14.33 32 32 32h32c17.67 0 32-14.33 32-32V304h144c17.67 0 32-14.33 32-32v-32c0-17.67-14.33-32-32-32z\"><\/path><\/svg><\/span>\n\t\t\t\t\t\t\t\t<span class=\"elementor-accordion-icon-opened\"><svg class=\"e-font-icon-svg e-fas-minus\" viewBox=\"0 0 448 512\" xmlns=\"http:\/\/www.w3.org\/2000\/svg\"><path d=\"M416 208H32c-17.67 0-32 14.33-32 32v32c0 17.67 14.33 32 32 32h384c17.67 0 32-14.33 32-32v-32c0-17.67-14.33-32-32-32z\"><\/path><\/svg><\/span>\n\t\t\t\t\t\t\t\t\t\t\t\t\t\t<\/span>\n\t\t\t\t\t\t\t\t\t\t\t\t<a class=\"elementor-accordion-title\" tabindex=\"0\">Personnalisation des r\u00e8gles de gestion<\/a>\n\t\t\t\t\t<\/div>\n\t\t\t\t\t<div id=\"elementor-tab-content-8534\" class=\"elementor-tab-content elementor-clearfix\" data-tab=\"4\" role=\"region\" aria-labelledby=\"elementor-tab-title-8534\"><p>Time Off permet de personnaliser les r\u00e8gles de gestion des absences en fonction des politiques internes de l\u2019entreprise, mais aussi des r\u00e9glementations locales. Que ce soit pour les dur\u00e9es de cong\u00e9s, les p\u00e9riodes de prise ou la gestion des absences sp\u00e9cifiques, chaque param\u00e8tre peut \u00eatre ajust\u00e9 selon les besoins de l\u2019entreprise.<\/p><\/div>\n\t\t\t\t<\/div>\n\t\t\t\t\t\t\t\t\t\t<script type=\"application\/ld+json\">{\"@context\":\"https:\\\/\\\/schema.org\",\"@type\":\"FAQPage\",\"mainEntity\":[{\"@type\":\"Question\",\"name\":\"Automatisation des processus de gestion des cong\\u00e9s\",\"acceptedAnswer\":{\"@type\":\"Answer\",\"text\":\"<p>L\\u2019une des plus grandes forces de Time Off est l\\u2019automatisation de tout le processus de gestion des cong\\u00e9s. De la demande de cong\\u00e9 \\u00e0 son approbation, en passant par l\\u2019enregistrement des dates, chaque \\u00e9tape est g\\u00e9r\\u00e9e automatiquement, ce qui permet de gagner un temps consid\\u00e9rable et d\\u2019\\u00e9viter les erreurs humaines.<\\\/p>\"}},{\"@type\":\"Question\",\"name\":\"Automatisation des processus de gestion des cong\\u00e9s\",\"acceptedAnswer\":{\"@type\":\"Answer\",\"text\":\"<p>L\\u2019une des plus grandes forces de Time Off est l\\u2019automatisation de tout le processus de gestion des cong\\u00e9s. De la demande de cong\\u00e9 \\u00e0 son approbation, en passant par l\\u2019enregistrement des dates, chaque \\u00e9tape est g\\u00e9r\\u00e9e automatiquement, ce qui permet de gagner un temps consid\\u00e9rable et d\\u2019\\u00e9viter les erreurs humaines.<\\\/p>\"}},{\"@type\":\"Question\",\"name\":\"Transparence et visibilit\\u00e9\",\"acceptedAnswer\":{\"@type\":\"Answer\",\"text\":\"<p>La solution offre \\u00e0 la fois aux collaborateurs et aux managers une visibilit\\u00e9 en temps r\\u00e9el sur les soldes de cong\\u00e9s, les demandes en cours et l\\u2019historique des absences. Cela permet une gestion proactive, de mieux planifier les p\\u00e9riodes de cong\\u00e9 et d&rsquo;\\u00e9viter les doublons ou les absences non pr\\u00e9vues, tout en facilitant la communication interne.<\\\/p>\"}},{\"@type\":\"Question\",\"name\":\"Personnalisation des r\\u00e8gles de gestion\",\"acceptedAnswer\":{\"@type\":\"Answer\",\"text\":\"<p>Time Off permet de personnaliser les r\\u00e8gles de gestion des absences en fonction des politiques internes de l\\u2019entreprise, mais aussi des r\\u00e9glementations locales. Que ce soit pour les dur\\u00e9es de cong\\u00e9s, les p\\u00e9riodes de prise ou la gestion des absences sp\\u00e9cifiques, chaque param\\u00e8tre peut \\u00eatre ajust\\u00e9 selon les besoins de l\\u2019entreprise.<\\\/p>\"}}]}<\/script>\n\t\t\t\t\t<\/div>\n\t\t\t\t\t\t<\/div>\n\t\t\t\t\t<\/div>\n\t\t<\/div>\n\t\t\t\t<div class=\"elementor-column elementor-col-50 elementor-inner-column elementor-element elementor-element-c9d9177\" data-id=\"c9d9177\" data-element_type=\"column\" data-e-type=\"column\">\n\t\t\t<div class=\"elementor-widget-wrap elementor-element-populated\">\n\t\t\t\t\t\t<div class=\"elementor-element elementor-element-f811424 elementor-widget elementor-widget-accordion\" data-id=\"f811424\" data-element_type=\"widget\" data-e-type=\"widget\" data-widget_type=\"accordion.default\">\n\t\t\t\t\t\t\t<div class=\"elementor-accordion\">\n\t\t\t\t\t\t\t<div class=\"elementor-accordion-item\">\n\t\t\t\t\t<div id=\"elementor-tab-title-2601\" class=\"elementor-tab-title\" data-tab=\"1\" role=\"button\" aria-controls=\"elementor-tab-content-2601\" aria-expanded=\"false\">\n\t\t\t\t\t\t\t\t\t\t\t\t\t<span class=\"elementor-accordion-icon elementor-accordion-icon-left\" aria-hidden=\"true\">\n\t\t\t\t\t\t\t\t\t\t\t\t\t\t\t<span class=\"elementor-accordion-icon-closed\"><svg class=\"e-font-icon-svg e-fas-plus\" viewBox=\"0 0 448 512\" xmlns=\"http:\/\/www.w3.org\/2000\/svg\"><path d=\"M416 208H272V64c0-17.67-14.33-32-32-32h-32c-17.67 0-32 14.33-32 32v144H32c-17.67 0-32 14.33-32 32v32c0 17.67 14.33 32 32 32h144v144c0 17.67 14.33 32 32 32h32c17.67 0 32-14.33 32-32V304h144c17.67 0 32-14.33 32-32v-32c0-17.67-14.33-32-32-32z\"><\/path><\/svg><\/span>\n\t\t\t\t\t\t\t\t<span class=\"elementor-accordion-icon-opened\"><svg class=\"e-font-icon-svg e-fas-minus\" viewBox=\"0 0 448 512\" xmlns=\"http:\/\/www.w3.org\/2000\/svg\"><path d=\"M416 208H32c-17.67 0-32 14.33-32 32v32c0 17.67 14.33 32 32 32h384c17.67 0 32-14.33 32-32v-32c0-17.67-14.33-32-32-32z\"><\/path><\/svg><\/span>\n\t\t\t\t\t\t\t\t\t\t\t\t\t\t<\/span>\n\t\t\t\t\t\t\t\t\t\t\t\t<a class=\"elementor-accordion-title\" tabindex=\"0\">Int\u00e9gration fluide avec les ERP<\/a>\n\t\t\t\t\t<\/div>\n\t\t\t\t\t<div id=\"elementor-tab-content-2601\" class=\"elementor-tab-content elementor-clearfix\" data-tab=\"1\" role=\"region\" aria-labelledby=\"elementor-tab-title-2601\"><p>Lorsqu\u2019il est int\u00e9gr\u00e9 \u00e0 des syst\u00e8mes comme SAP ECC6, Time Off devient un v\u00e9ritable outil centralis\u00e9, permettant de suivre et de g\u00e9rer non seulement les absences, mais aussi les donn\u00e9es relatives \u00e0 la paie, \u00e0 la performance des \u00e9quipes et \u00e0 l\u2019\u00e9volution des collaborateurs. Cela permet de centraliser toutes les informations RH dans un m\u00eame syst\u00e8me et de faciliter la prise de d\u00e9cision.<\/p><\/div>\n\t\t\t\t<\/div>\n\t\t\t\t\t\t\t<div class=\"elementor-accordion-item\">\n\t\t\t\t\t<div id=\"elementor-tab-title-2602\" class=\"elementor-tab-title\" data-tab=\"2\" role=\"button\" aria-controls=\"elementor-tab-content-2602\" aria-expanded=\"false\">\n\t\t\t\t\t\t\t\t\t\t\t\t\t<span class=\"elementor-accordion-icon elementor-accordion-icon-left\" aria-hidden=\"true\">\n\t\t\t\t\t\t\t\t\t\t\t\t\t\t\t<span class=\"elementor-accordion-icon-closed\"><svg class=\"e-font-icon-svg e-fas-plus\" viewBox=\"0 0 448 512\" xmlns=\"http:\/\/www.w3.org\/2000\/svg\"><path d=\"M416 208H272V64c0-17.67-14.33-32-32-32h-32c-17.67 0-32 14.33-32 32v144H32c-17.67 0-32 14.33-32 32v32c0 17.67 14.33 32 32 32h144v144c0 17.67 14.33 32 32 32h32c17.67 0 32-14.33 32-32V304h144c17.67 0 32-14.33 32-32v-32c0-17.67-14.33-32-32-32z\"><\/path><\/svg><\/span>\n\t\t\t\t\t\t\t\t<span class=\"elementor-accordion-icon-opened\"><svg class=\"e-font-icon-svg e-fas-minus\" viewBox=\"0 0 448 512\" xmlns=\"http:\/\/www.w3.org\/2000\/svg\"><path d=\"M416 208H32c-17.67 0-32 14.33-32 32v32c0 17.67 14.33 32 32 32h384c17.67 0 32-14.33 32-32v-32c0-17.67-14.33-32-32-32z\"><\/path><\/svg><\/span>\n\t\t\t\t\t\t\t\t\t\t\t\t\t\t<\/span>\n\t\t\t\t\t\t\t\t\t\t\t\t<a class=\"elementor-accordion-title\" tabindex=\"0\">Int\u00e9gration fluide avec les ERP<\/a>\n\t\t\t\t\t<\/div>\n\t\t\t\t\t<div id=\"elementor-tab-content-2602\" class=\"elementor-tab-content elementor-clearfix\" data-tab=\"2\" role=\"region\" aria-labelledby=\"elementor-tab-title-2602\"><p>Lorsqu\u2019il est int\u00e9gr\u00e9 \u00e0 des syst\u00e8mes comme SAP ECC6, Time Off devient un v\u00e9ritable outil centralis\u00e9, permettant de suivre et de g\u00e9rer non seulement les absences, mais aussi les donn\u00e9es relatives \u00e0 la paie, \u00e0 la performance des \u00e9quipes et \u00e0 l\u2019\u00e9volution des collaborateurs. Cela permet de centraliser toutes les informations RH dans un m\u00eame syst\u00e8me et de faciliter la prise de d\u00e9cision.<\/p><\/div>\n\t\t\t\t<\/div>\n\t\t\t\t\t\t\t<div class=\"elementor-accordion-item\">\n\t\t\t\t\t<div id=\"elementor-tab-title-2603\" class=\"elementor-tab-title\" data-tab=\"3\" role=\"button\" aria-controls=\"elementor-tab-content-2603\" aria-expanded=\"false\">\n\t\t\t\t\t\t\t\t\t\t\t\t\t<span class=\"elementor-accordion-icon elementor-accordion-icon-left\" aria-hidden=\"true\">\n\t\t\t\t\t\t\t\t\t\t\t\t\t\t\t<span class=\"elementor-accordion-icon-closed\"><svg class=\"e-font-icon-svg e-fas-plus\" viewBox=\"0 0 448 512\" xmlns=\"http:\/\/www.w3.org\/2000\/svg\"><path d=\"M416 208H272V64c0-17.67-14.33-32-32-32h-32c-17.67 0-32 14.33-32 32v144H32c-17.67 0-32 14.33-32 32v32c0 17.67 14.33 32 32 32h144v144c0 17.67 14.33 32 32 32h32c17.67 0 32-14.33 32-32V304h144c17.67 0 32-14.33 32-32v-32c0-17.67-14.33-32-32-32z\"><\/path><\/svg><\/span>\n\t\t\t\t\t\t\t\t<span class=\"elementor-accordion-icon-opened\"><svg class=\"e-font-icon-svg e-fas-minus\" viewBox=\"0 0 448 512\" xmlns=\"http:\/\/www.w3.org\/2000\/svg\"><path d=\"M416 208H32c-17.67 0-32 14.33-32 32v32c0 17.67 14.33 32 32 32h384c17.67 0 32-14.33 32-32v-32c0-17.67-14.33-32-32-32z\"><\/path><\/svg><\/span>\n\t\t\t\t\t\t\t\t\t\t\t\t\t\t<\/span>\n\t\t\t\t\t\t\t\t\t\t\t\t<a class=\"elementor-accordion-title\" tabindex=\"0\">Conformit\u00e9 l\u00e9gale<\/a>\n\t\t\t\t\t<\/div>\n\t\t\t\t\t<div id=\"elementor-tab-content-2603\" class=\"elementor-tab-content elementor-clearfix\" data-tab=\"3\" role=\"region\" aria-labelledby=\"elementor-tab-title-2603\"><p>Les l\u00e9gislations sur les cong\u00e9s et les absences peuvent \u00eatre complexes et varient d\u2019un pays \u00e0 l\u2019autre. Time Off veille \u00e0 ce que chaque r\u00e8gle et chaque param\u00e8tre respecte scrupuleusement les obligations l\u00e9gales en vigueur. Cela garantit non seulement une gestion sans erreur, mais aussi un respect total des droits des employ\u00e9s.<\/p><\/div>\n\t\t\t\t<\/div>\n\t\t\t\t\t\t\t\t\t\t<script type=\"application\/ld+json\">{\"@context\":\"https:\\\/\\\/schema.org\",\"@type\":\"FAQPage\",\"mainEntity\":[{\"@type\":\"Question\",\"name\":\"Int\\u00e9gration fluide avec les ERP\",\"acceptedAnswer\":{\"@type\":\"Answer\",\"text\":\"<p>Lorsqu\\u2019il est int\\u00e9gr\\u00e9 \\u00e0 des syst\\u00e8mes comme SAP ECC6, Time Off devient un v\\u00e9ritable outil centralis\\u00e9, permettant de suivre et de g\\u00e9rer non seulement les absences, mais aussi les donn\\u00e9es relatives \\u00e0 la paie, \\u00e0 la performance des \\u00e9quipes et \\u00e0 l\\u2019\\u00e9volution des collaborateurs. Cela permet de centraliser toutes les informations RH dans un m\\u00eame syst\\u00e8me et de faciliter la prise de d\\u00e9cision.<\\\/p>\"}},{\"@type\":\"Question\",\"name\":\"Int\\u00e9gration fluide avec les ERP\",\"acceptedAnswer\":{\"@type\":\"Answer\",\"text\":\"<p>Lorsqu\\u2019il est int\\u00e9gr\\u00e9 \\u00e0 des syst\\u00e8mes comme SAP ECC6, Time Off devient un v\\u00e9ritable outil centralis\\u00e9, permettant de suivre et de g\\u00e9rer non seulement les absences, mais aussi les donn\\u00e9es relatives \\u00e0 la paie, \\u00e0 la performance des \\u00e9quipes et \\u00e0 l\\u2019\\u00e9volution des collaborateurs. Cela permet de centraliser toutes les informations RH dans un m\\u00eame syst\\u00e8me et de faciliter la prise de d\\u00e9cision.<\\\/p>\"}},{\"@type\":\"Question\",\"name\":\"Conformit\\u00e9 l\\u00e9gale\",\"acceptedAnswer\":{\"@type\":\"Answer\",\"text\":\"<p>Les l\\u00e9gislations sur les cong\\u00e9s et les absences peuvent \\u00eatre complexes et varient d\\u2019un pays \\u00e0 l\\u2019autre. Time Off veille \\u00e0 ce que chaque r\\u00e8gle et chaque param\\u00e8tre respecte scrupuleusement les obligations l\\u00e9gales en vigueur. Cela garantit non seulement une gestion sans erreur, mais aussi un respect total des droits des employ\\u00e9s.<\\\/p>\"}}]}<\/script>\n\t\t\t\t\t<\/div>\n\t\t\t\t\t\t<\/div>\n\t\t\t\t\t<\/div>\n\t\t<\/div>\n\t\t\t\t\t<\/div>\n\t\t<\/section>\n\t\t\t\t<div class=\"elementor-element elementor-element-e39a49c elementor-widget elementor-widget-text-editor\" data-id=\"e39a49c\" data-element_type=\"widget\" data-e-type=\"widget\" data-widget_type=\"text-editor.default\">\n\t\t\t\t\t\t\t\t\t<p>Time Off est plus qu\u2019une simple gestion des cong\u00e9s : c\u2019est un outil strat\u00e9gique qui lib\u00e8re les \u00e9quipes RH des t\u00e2ches administratives r\u00e9p\u00e9titives et leur permet de se concentrer sur des missions \u00e0 plus forte valeur ajout\u00e9e.<\/p>\t\t\t\t\t\t\t\t<\/div>\n\t\t\t\t\t<\/div>\n\t\t<\/div>\n\t\t\t\t\t<\/div>\n\t\t<\/section>\n\t\t\t\t<section data-pa-eq-height=\"{&quot;targetType&quot;:&quot;widget&quot;,&quot;target&quot;:[&quot;.elementor-widget-rt-title .elementor-widget-container&quot;],&quot;trigger&quot;:&quot;load&quot;,&quot;enableOn&quot;:[&quot;desktop&quot;,&quot;tablet&quot;,&quot;mobile&quot;]}\" class=\"elementor-section elementor-top-section elementor-element elementor-element-c0f3f64 elementor-section-stretched premium-equal-height-yes elementor-section-boxed elementor-section-height-default elementor-section-height-default rt-parallax-bg-no\" data-id=\"c0f3f64\" data-element_type=\"section\" data-e-type=\"section\" data-settings=\"{&quot;stretch_section&quot;:&quot;section-stretched&quot;,&quot;background_background&quot;:&quot;classic&quot;,&quot;premium_eq_height_switcher&quot;:&quot;yes&quot;,&quot;premium_eq_height_target&quot;:[&quot;.elementor-widget-rt-title .elementor-widget-container&quot;]}\">\n\t\t\t\t\t\t<div class=\"elementor-container elementor-column-gap-default\">\n\t\t\t\t\t<div class=\"elementor-column elementor-col-100 elementor-top-column elementor-element elementor-element-02de9ec\" data-id=\"02de9ec\" data-element_type=\"column\" data-e-type=\"column\">\n\t\t\t<div class=\"elementor-widget-wrap elementor-element-populated\">\n\t\t\t\t\t\t<div class=\"elementor-element elementor-element-609a9b8 elementor-widget elementor-widget-heading\" data-id=\"609a9b8\" data-element_type=\"widget\" data-e-type=\"widget\" data-widget_type=\"heading.default\">\n\t\t\t\t\t<h2 class=\"elementor-heading-title elementor-size-default\">Suivi des heures de travail avec Time Tracking :  Une gestion optimis\u00e9e des\n\u00e9quipes<\/h2>\t\t\t\t<\/div>\n\t\t\t\t<div class=\"elementor-element elementor-element-b10795f elementor-widget elementor-widget-text-editor\" data-id=\"b10795f\" data-element_type=\"widget\" data-e-type=\"widget\" data-widget_type=\"text-editor.default\">\n\t\t\t\t\t\t\t\t\t<p>La gestion des heures de travail est essentielle pour garantir non seulement la productivit\u00e9 des \u00e9quipes, mais aussi le respect des r\u00e9glementations li\u00e9es au temps de travail. Time Tracking, la solution de Kartosa, est con\u00e7ue pour suivre et enregistrer les heures de travail de vos collaborateurs, qu&rsquo;ils soient sur site ou en t\u00e9l\u00e9travail, et garantir que chaque minute est correctement comptabilis\u00e9e.<\/p>\t\t\t\t\t\t\t\t<\/div>\n\t\t\t\t<div class=\"elementor-element elementor-element-1dcf85f elementor-widget elementor-widget-heading\" data-id=\"1dcf85f\" data-element_type=\"widget\" data-e-type=\"widget\" data-widget_type=\"heading.default\">\n\t\t\t\t\t<h3 class=\"elementor-heading-title elementor-size-default\">Les avantages de Time Tracking<\/h3>\t\t\t\t<\/div>\n\t\t\t\t<section class=\"elementor-section elementor-inner-section elementor-element elementor-element-a1795d4 elementor-section-boxed elementor-section-height-default elementor-section-height-default rt-parallax-bg-no\" data-id=\"a1795d4\" data-element_type=\"section\" data-e-type=\"section\">\n\t\t\t\t\t\t<div class=\"elementor-container elementor-column-gap-default\">\n\t\t\t\t\t<div class=\"elementor-column elementor-col-50 elementor-inner-column elementor-element elementor-element-2ffc4b1\" data-id=\"2ffc4b1\" data-element_type=\"column\" data-e-type=\"column\">\n\t\t\t<div class=\"elementor-widget-wrap elementor-element-populated\">\n\t\t\t\t\t\t<div class=\"elementor-element elementor-element-fe7f8df elementor-widget elementor-widget-accordion\" data-id=\"fe7f8df\" data-element_type=\"widget\" data-e-type=\"widget\" data-widget_type=\"accordion.default\">\n\t\t\t\t\t\t\t<div class=\"elementor-accordion\">\n\t\t\t\t\t\t\t<div class=\"elementor-accordion-item\">\n\t\t\t\t\t<div id=\"elementor-tab-title-2661\" class=\"elementor-tab-title\" data-tab=\"1\" role=\"button\" aria-controls=\"elementor-tab-content-2661\" aria-expanded=\"false\">\n\t\t\t\t\t\t\t\t\t\t\t\t\t<span class=\"elementor-accordion-icon elementor-accordion-icon-left\" aria-hidden=\"true\">\n\t\t\t\t\t\t\t\t\t\t\t\t\t\t\t<span class=\"elementor-accordion-icon-closed\"><svg class=\"e-font-icon-svg e-fas-plus\" viewBox=\"0 0 448 512\" xmlns=\"http:\/\/www.w3.org\/2000\/svg\"><path d=\"M416 208H272V64c0-17.67-14.33-32-32-32h-32c-17.67 0-32 14.33-32 32v144H32c-17.67 0-32 14.33-32 32v32c0 17.67 14.33 32 32 32h144v144c0 17.67 14.33 32 32 32h32c17.67 0 32-14.33 32-32V304h144c17.67 0 32-14.33 32-32v-32c0-17.67-14.33-32-32-32z\"><\/path><\/svg><\/span>\n\t\t\t\t\t\t\t\t<span class=\"elementor-accordion-icon-opened\"><svg class=\"e-font-icon-svg e-fas-minus\" viewBox=\"0 0 448 512\" xmlns=\"http:\/\/www.w3.org\/2000\/svg\"><path d=\"M416 208H32c-17.67 0-32 14.33-32 32v32c0 17.67 14.33 32 32 32h384c17.67 0 32-14.33 32-32v-32c0-17.67-14.33-32-32-32z\"><\/path><\/svg><\/span>\n\t\t\t\t\t\t\t\t\t\t\t\t\t\t<\/span>\n\t\t\t\t\t\t\t\t\t\t\t\t<a class=\"elementor-accordion-title\" tabindex=\"0\">Suivi pr\u00e9cis et en temps r\u00e9el des heures travaill\u00e9es<\/a>\n\t\t\t\t\t<\/div>\n\t\t\t\t\t<div id=\"elementor-tab-content-2661\" class=\"elementor-tab-content elementor-clearfix\" data-tab=\"1\" role=\"region\" aria-labelledby=\"elementor-tab-title-2661\"><p>Gr\u00e2ce \u00e0 Time Tracking, les entreprises peuvent suivre en temps r\u00e9el les heures de travail de leurs collaborateurs. Cela permet de d\u00e9tecter rapidement les heures suppl\u00e9mentaires, les absences non planifi\u00e9es, et d\u2019\u00e9viter les erreurs dans le calcul de la paie.<\/p><\/div>\n\t\t\t\t<\/div>\n\t\t\t\t\t\t\t<div class=\"elementor-accordion-item\">\n\t\t\t\t\t<div id=\"elementor-tab-title-2662\" class=\"elementor-tab-title\" data-tab=\"2\" role=\"button\" aria-controls=\"elementor-tab-content-2662\" aria-expanded=\"false\">\n\t\t\t\t\t\t\t\t\t\t\t\t\t<span class=\"elementor-accordion-icon elementor-accordion-icon-left\" aria-hidden=\"true\">\n\t\t\t\t\t\t\t\t\t\t\t\t\t\t\t<span class=\"elementor-accordion-icon-closed\"><svg class=\"e-font-icon-svg e-fas-plus\" viewBox=\"0 0 448 512\" xmlns=\"http:\/\/www.w3.org\/2000\/svg\"><path d=\"M416 208H272V64c0-17.67-14.33-32-32-32h-32c-17.67 0-32 14.33-32 32v144H32c-17.67 0-32 14.33-32 32v32c0 17.67 14.33 32 32 32h144v144c0 17.67 14.33 32 32 32h32c17.67 0 32-14.33 32-32V304h144c17.67 0 32-14.33 32-32v-32c0-17.67-14.33-32-32-32z\"><\/path><\/svg><\/span>\n\t\t\t\t\t\t\t\t<span class=\"elementor-accordion-icon-opened\"><svg class=\"e-font-icon-svg e-fas-minus\" viewBox=\"0 0 448 512\" xmlns=\"http:\/\/www.w3.org\/2000\/svg\"><path d=\"M416 208H32c-17.67 0-32 14.33-32 32v32c0 17.67 14.33 32 32 32h384c17.67 0 32-14.33 32-32v-32c0-17.67-14.33-32-32-32z\"><\/path><\/svg><\/span>\n\t\t\t\t\t\t\t\t\t\t\t\t\t\t<\/span>\n\t\t\t\t\t\t\t\t\t\t\t\t<a class=\"elementor-accordion-title\" tabindex=\"0\">Suivi pr\u00e9cis et en temps r\u00e9el des heures travaill\u00e9es<\/a>\n\t\t\t\t\t<\/div>\n\t\t\t\t\t<div id=\"elementor-tab-content-2662\" class=\"elementor-tab-content elementor-clearfix\" data-tab=\"2\" role=\"region\" aria-labelledby=\"elementor-tab-title-2662\"><p>Gr\u00e2ce \u00e0 Time Tracking, les entreprises peuvent suivre en temps r\u00e9el les heures de travail de leurs collaborateurs. Cela permet de d\u00e9tecter rapidement les heures suppl\u00e9mentaires, les absences non planifi\u00e9es, et d\u2019\u00e9viter les erreurs dans le calcul de la paie.<\/p><\/div>\n\t\t\t\t<\/div>\n\t\t\t\t\t\t\t<div class=\"elementor-accordion-item\">\n\t\t\t\t\t<div id=\"elementor-tab-title-2663\" class=\"elementor-tab-title\" data-tab=\"3\" role=\"button\" aria-controls=\"elementor-tab-content-2663\" aria-expanded=\"false\">\n\t\t\t\t\t\t\t\t\t\t\t\t\t<span class=\"elementor-accordion-icon elementor-accordion-icon-left\" aria-hidden=\"true\">\n\t\t\t\t\t\t\t\t\t\t\t\t\t\t\t<span class=\"elementor-accordion-icon-closed\"><svg class=\"e-font-icon-svg e-fas-plus\" viewBox=\"0 0 448 512\" xmlns=\"http:\/\/www.w3.org\/2000\/svg\"><path d=\"M416 208H272V64c0-17.67-14.33-32-32-32h-32c-17.67 0-32 14.33-32 32v144H32c-17.67 0-32 14.33-32 32v32c0 17.67 14.33 32 32 32h144v144c0 17.67 14.33 32 32 32h32c17.67 0 32-14.33 32-32V304h144c17.67 0 32-14.33 32-32v-32c0-17.67-14.33-32-32-32z\"><\/path><\/svg><\/span>\n\t\t\t\t\t\t\t\t<span class=\"elementor-accordion-icon-opened\"><svg class=\"e-font-icon-svg e-fas-minus\" viewBox=\"0 0 448 512\" xmlns=\"http:\/\/www.w3.org\/2000\/svg\"><path d=\"M416 208H32c-17.67 0-32 14.33-32 32v32c0 17.67 14.33 32 32 32h384c17.67 0 32-14.33 32-32v-32c0-17.67-14.33-32-32-32z\"><\/path><\/svg><\/span>\n\t\t\t\t\t\t\t\t\t\t\t\t\t\t<\/span>\n\t\t\t\t\t\t\t\t\t\t\t\t<a class=\"elementor-accordion-title\" tabindex=\"0\">Optimisation des ressources humaines<\/a>\n\t\t\t\t\t<\/div>\n\t\t\t\t\t<div id=\"elementor-tab-content-2663\" class=\"elementor-tab-content elementor-clearfix\" data-tab=\"3\" role=\"region\" aria-labelledby=\"elementor-tab-title-2663\"><p>Le suivi pr\u00e9cis des heures permet aux managers de mieux comprendre la charge de travail de chaque collaborateur. Cela aide \u00e0 mieux r\u00e9partir les t\u00e2ches et \u00e0 pr\u00e9venir la surcharge de travail, optimisant ainsi la productivit\u00e9 des \u00e9quipes et la gestion des ressources humaines.<\/p><\/div>\n\t\t\t\t<\/div>\n\t\t\t\t\t\t\t<div class=\"elementor-accordion-item\">\n\t\t\t\t\t<div id=\"elementor-tab-title-2664\" class=\"elementor-tab-title\" data-tab=\"4\" role=\"button\" aria-controls=\"elementor-tab-content-2664\" aria-expanded=\"false\">\n\t\t\t\t\t\t\t\t\t\t\t\t\t<span class=\"elementor-accordion-icon elementor-accordion-icon-left\" aria-hidden=\"true\">\n\t\t\t\t\t\t\t\t\t\t\t\t\t\t\t<span class=\"elementor-accordion-icon-closed\"><svg class=\"e-font-icon-svg e-fas-plus\" viewBox=\"0 0 448 512\" xmlns=\"http:\/\/www.w3.org\/2000\/svg\"><path d=\"M416 208H272V64c0-17.67-14.33-32-32-32h-32c-17.67 0-32 14.33-32 32v144H32c-17.67 0-32 14.33-32 32v32c0 17.67 14.33 32 32 32h144v144c0 17.67 14.33 32 32 32h32c17.67 0 32-14.33 32-32V304h144c17.67 0 32-14.33 32-32v-32c0-17.67-14.33-32-32-32z\"><\/path><\/svg><\/span>\n\t\t\t\t\t\t\t\t<span class=\"elementor-accordion-icon-opened\"><svg class=\"e-font-icon-svg e-fas-minus\" viewBox=\"0 0 448 512\" xmlns=\"http:\/\/www.w3.org\/2000\/svg\"><path d=\"M416 208H32c-17.67 0-32 14.33-32 32v32c0 17.67 14.33 32 32 32h384c17.67 0 32-14.33 32-32v-32c0-17.67-14.33-32-32-32z\"><\/path><\/svg><\/span>\n\t\t\t\t\t\t\t\t\t\t\t\t\t\t<\/span>\n\t\t\t\t\t\t\t\t\t\t\t\t<a class=\"elementor-accordion-title\" tabindex=\"0\">Gestion automatis\u00e9e de la paie<\/a>\n\t\t\t\t\t<\/div>\n\t\t\t\t\t<div id=\"elementor-tab-content-2664\" class=\"elementor-tab-content elementor-clearfix\" data-tab=\"4\" role=\"region\" aria-labelledby=\"elementor-tab-title-2664\"><p>En int\u00e9grant Time Tracking \u00e0 votre syst\u00e8me de paie, les heures travaill\u00e9es sont automatiquement transf\u00e9r\u00e9es pour calculer les salaires, y compris les heures suppl\u00e9mentaires ou les primes li\u00e9es aux temps de travail. Cela garantit une gestion des paies plus rapide et plus pr\u00e9cise, sans besoin de traitement manuel.<\/p><\/div>\n\t\t\t\t<\/div>\n\t\t\t\t\t\t\t\t\t\t<script type=\"application\/ld+json\">{\"@context\":\"https:\\\/\\\/schema.org\",\"@type\":\"FAQPage\",\"mainEntity\":[{\"@type\":\"Question\",\"name\":\"Suivi pr\\u00e9cis et en temps r\\u00e9el des heures travaill\\u00e9es\",\"acceptedAnswer\":{\"@type\":\"Answer\",\"text\":\"<p>Gr\\u00e2ce \\u00e0 Time Tracking, les entreprises peuvent suivre en temps r\\u00e9el les heures de travail de leurs collaborateurs. Cela permet de d\\u00e9tecter rapidement les heures suppl\\u00e9mentaires, les absences non planifi\\u00e9es, et d\\u2019\\u00e9viter les erreurs dans le calcul de la paie.<\\\/p>\"}},{\"@type\":\"Question\",\"name\":\"Suivi pr\\u00e9cis et en temps r\\u00e9el des heures travaill\\u00e9es\",\"acceptedAnswer\":{\"@type\":\"Answer\",\"text\":\"<p>Gr\\u00e2ce \\u00e0 Time Tracking, les entreprises peuvent suivre en temps r\\u00e9el les heures de travail de leurs collaborateurs. Cela permet de d\\u00e9tecter rapidement les heures suppl\\u00e9mentaires, les absences non planifi\\u00e9es, et d\\u2019\\u00e9viter les erreurs dans le calcul de la paie.<\\\/p>\"}},{\"@type\":\"Question\",\"name\":\"Optimisation des ressources humaines\",\"acceptedAnswer\":{\"@type\":\"Answer\",\"text\":\"<p>Le suivi pr\\u00e9cis des heures permet aux managers de mieux comprendre la charge de travail de chaque collaborateur. Cela aide \\u00e0 mieux r\\u00e9partir les t\\u00e2ches et \\u00e0 pr\\u00e9venir la surcharge de travail, optimisant ainsi la productivit\\u00e9 des \\u00e9quipes et la gestion des ressources humaines.<\\\/p>\"}},{\"@type\":\"Question\",\"name\":\"Gestion automatis\\u00e9e de la paie\",\"acceptedAnswer\":{\"@type\":\"Answer\",\"text\":\"<p>En int\\u00e9grant Time Tracking \\u00e0 votre syst\\u00e8me de paie, les heures travaill\\u00e9es sont automatiquement transf\\u00e9r\\u00e9es pour calculer les salaires, y compris les heures suppl\\u00e9mentaires ou les primes li\\u00e9es aux temps de travail. Cela garantit une gestion des paies plus rapide et plus pr\\u00e9cise, sans besoin de traitement manuel.<\\\/p>\"}}]}<\/script>\n\t\t\t\t\t<\/div>\n\t\t\t\t\t\t<\/div>\n\t\t\t\t\t<\/div>\n\t\t<\/div>\n\t\t\t\t<div class=\"elementor-column elementor-col-50 elementor-inner-column elementor-element elementor-element-77cb023\" data-id=\"77cb023\" data-element_type=\"column\" data-e-type=\"column\">\n\t\t\t<div class=\"elementor-widget-wrap elementor-element-populated\">\n\t\t\t\t\t\t<div class=\"elementor-element elementor-element-72a8ff0 elementor-widget elementor-widget-accordion\" data-id=\"72a8ff0\" data-element_type=\"widget\" data-e-type=\"widget\" data-widget_type=\"accordion.default\">\n\t\t\t\t\t\t\t<div class=\"elementor-accordion\">\n\t\t\t\t\t\t\t<div class=\"elementor-accordion-item\">\n\t\t\t\t\t<div id=\"elementor-tab-title-1201\" class=\"elementor-tab-title\" data-tab=\"1\" role=\"button\" aria-controls=\"elementor-tab-content-1201\" aria-expanded=\"false\">\n\t\t\t\t\t\t\t\t\t\t\t\t\t<span class=\"elementor-accordion-icon elementor-accordion-icon-left\" aria-hidden=\"true\">\n\t\t\t\t\t\t\t\t\t\t\t\t\t\t\t<span class=\"elementor-accordion-icon-closed\"><svg class=\"e-font-icon-svg e-fas-plus\" viewBox=\"0 0 448 512\" xmlns=\"http:\/\/www.w3.org\/2000\/svg\"><path d=\"M416 208H272V64c0-17.67-14.33-32-32-32h-32c-17.67 0-32 14.33-32 32v144H32c-17.67 0-32 14.33-32 32v32c0 17.67 14.33 32 32 32h144v144c0 17.67 14.33 32 32 32h32c17.67 0 32-14.33 32-32V304h144c17.67 0 32-14.33 32-32v-32c0-17.67-14.33-32-32-32z\"><\/path><\/svg><\/span>\n\t\t\t\t\t\t\t\t<span class=\"elementor-accordion-icon-opened\"><svg class=\"e-font-icon-svg e-fas-minus\" viewBox=\"0 0 448 512\" xmlns=\"http:\/\/www.w3.org\/2000\/svg\"><path d=\"M416 208H32c-17.67 0-32 14.33-32 32v32c0 17.67 14.33 32 32 32h384c17.67 0 32-14.33 32-32v-32c0-17.67-14.33-32-32-32z\"><\/path><\/svg><\/span>\n\t\t\t\t\t\t\t\t\t\t\t\t\t\t<\/span>\n\t\t\t\t\t\t\t\t\t\t\t\t<a class=\"elementor-accordion-title\" tabindex=\"0\">Respect des r\u00e8gles l\u00e9gales<\/a>\n\t\t\t\t\t<\/div>\n\t\t\t\t\t<div id=\"elementor-tab-content-1201\" class=\"elementor-tab-content elementor-clearfix\" data-tab=\"1\" role=\"region\" aria-labelledby=\"elementor-tab-title-1201\"><p>Les l\u00e9gislations du travail imposent des limites sur le temps de travail, notamment sur les heures suppl\u00e9mentaires et les<br \/>temps de repos. Time Tracking permet de respecter scrupuleusement ces r\u00e8gles en alertant les responsables RH en cas de non-conformit\u00e9.<\/p><\/div>\n\t\t\t\t<\/div>\n\t\t\t\t\t\t\t<div class=\"elementor-accordion-item\">\n\t\t\t\t\t<div id=\"elementor-tab-title-1202\" class=\"elementor-tab-title\" data-tab=\"2\" role=\"button\" aria-controls=\"elementor-tab-content-1202\" aria-expanded=\"false\">\n\t\t\t\t\t\t\t\t\t\t\t\t\t<span class=\"elementor-accordion-icon elementor-accordion-icon-left\" aria-hidden=\"true\">\n\t\t\t\t\t\t\t\t\t\t\t\t\t\t\t<span class=\"elementor-accordion-icon-closed\"><svg class=\"e-font-icon-svg e-fas-plus\" viewBox=\"0 0 448 512\" xmlns=\"http:\/\/www.w3.org\/2000\/svg\"><path d=\"M416 208H272V64c0-17.67-14.33-32-32-32h-32c-17.67 0-32 14.33-32 32v144H32c-17.67 0-32 14.33-32 32v32c0 17.67 14.33 32 32 32h144v144c0 17.67 14.33 32 32 32h32c17.67 0 32-14.33 32-32V304h144c17.67 0 32-14.33 32-32v-32c0-17.67-14.33-32-32-32z\"><\/path><\/svg><\/span>\n\t\t\t\t\t\t\t\t<span class=\"elementor-accordion-icon-opened\"><svg class=\"e-font-icon-svg e-fas-minus\" viewBox=\"0 0 448 512\" xmlns=\"http:\/\/www.w3.org\/2000\/svg\"><path d=\"M416 208H32c-17.67 0-32 14.33-32 32v32c0 17.67 14.33 32 32 32h384c17.67 0 32-14.33 32-32v-32c0-17.67-14.33-32-32-32z\"><\/path><\/svg><\/span>\n\t\t\t\t\t\t\t\t\t\t\t\t\t\t<\/span>\n\t\t\t\t\t\t\t\t\t\t\t\t<a class=\"elementor-accordion-title\" tabindex=\"0\">Respect des r\u00e8gles l\u00e9gales<\/a>\n\t\t\t\t\t<\/div>\n\t\t\t\t\t<div id=\"elementor-tab-content-1202\" class=\"elementor-tab-content elementor-clearfix\" data-tab=\"2\" role=\"region\" aria-labelledby=\"elementor-tab-title-1202\"><p>Les l\u00e9gislations du travail imposent des limites sur le temps de travail, notamment sur les heures suppl\u00e9mentaires et les<br \/>temps de repos. Time Tracking permet de respecter scrupuleusement ces r\u00e8gles en alertant les responsables RH en cas de non-conformit\u00e9.<\/p><\/div>\n\t\t\t\t<\/div>\n\t\t\t\t\t\t\t<div class=\"elementor-accordion-item\">\n\t\t\t\t\t<div id=\"elementor-tab-title-1203\" class=\"elementor-tab-title\" data-tab=\"3\" role=\"button\" aria-controls=\"elementor-tab-content-1203\" aria-expanded=\"false\">\n\t\t\t\t\t\t\t\t\t\t\t\t\t<span class=\"elementor-accordion-icon elementor-accordion-icon-left\" aria-hidden=\"true\">\n\t\t\t\t\t\t\t\t\t\t\t\t\t\t\t<span class=\"elementor-accordion-icon-closed\"><svg class=\"e-font-icon-svg e-fas-plus\" viewBox=\"0 0 448 512\" xmlns=\"http:\/\/www.w3.org\/2000\/svg\"><path d=\"M416 208H272V64c0-17.67-14.33-32-32-32h-32c-17.67 0-32 14.33-32 32v144H32c-17.67 0-32 14.33-32 32v32c0 17.67 14.33 32 32 32h144v144c0 17.67 14.33 32 32 32h32c17.67 0 32-14.33 32-32V304h144c17.67 0 32-14.33 32-32v-32c0-17.67-14.33-32-32-32z\"><\/path><\/svg><\/span>\n\t\t\t\t\t\t\t\t<span class=\"elementor-accordion-icon-opened\"><svg class=\"e-font-icon-svg e-fas-minus\" viewBox=\"0 0 448 512\" xmlns=\"http:\/\/www.w3.org\/2000\/svg\"><path d=\"M416 208H32c-17.67 0-32 14.33-32 32v32c0 17.67 14.33 32 32 32h384c17.67 0 32-14.33 32-32v-32c0-17.67-14.33-32-32-32z\"><\/path><\/svg><\/span>\n\t\t\t\t\t\t\t\t\t\t\t\t\t\t<\/span>\n\t\t\t\t\t\t\t\t\t\t\t\t<a class=\"elementor-accordion-title\" tabindex=\"0\">Am\u00e9lioration de la productivit\u00e9 et de la performance<\/a>\n\t\t\t\t\t<\/div>\n\t\t\t\t\t<div id=\"elementor-tab-content-1203\" class=\"elementor-tab-content elementor-clearfix\" data-tab=\"3\" role=\"region\" aria-labelledby=\"elementor-tab-title-1203\"><p>Le suivi des heures peut \u00e9galement \u00eatre utilis\u00e9 pour \u00e9valuer la productivit\u00e9 individuelle et collective des \u00e9quipes. Cela permet aux managers d\u2019identifier les points d&rsquo;am\u00e9lioration et d\u2019adapter les processus pour maximiser les performances.<\/p><\/div>\n\t\t\t\t<\/div>\n\t\t\t\t\t\t\t\t\t\t<script type=\"application\/ld+json\">{\"@context\":\"https:\\\/\\\/schema.org\",\"@type\":\"FAQPage\",\"mainEntity\":[{\"@type\":\"Question\",\"name\":\"Respect des r\\u00e8gles l\\u00e9gales\",\"acceptedAnswer\":{\"@type\":\"Answer\",\"text\":\"<p>Les l\\u00e9gislations du travail imposent des limites sur le temps de travail, notamment sur les heures suppl\\u00e9mentaires et les<br \\\/>temps de repos. Time Tracking permet de respecter scrupuleusement ces r\\u00e8gles en alertant les responsables RH en cas de non-conformit\\u00e9.<\\\/p>\"}},{\"@type\":\"Question\",\"name\":\"Respect des r\\u00e8gles l\\u00e9gales\",\"acceptedAnswer\":{\"@type\":\"Answer\",\"text\":\"<p>Les l\\u00e9gislations du travail imposent des limites sur le temps de travail, notamment sur les heures suppl\\u00e9mentaires et les<br \\\/>temps de repos. Time Tracking permet de respecter scrupuleusement ces r\\u00e8gles en alertant les responsables RH en cas de non-conformit\\u00e9.<\\\/p>\"}},{\"@type\":\"Question\",\"name\":\"Am\\u00e9lioration de la productivit\\u00e9 et de la performance\",\"acceptedAnswer\":{\"@type\":\"Answer\",\"text\":\"<p>Le suivi des heures peut \\u00e9galement \\u00eatre utilis\\u00e9 pour \\u00e9valuer la productivit\\u00e9 individuelle et collective des \\u00e9quipes. Cela permet aux managers d\\u2019identifier les points d&rsquo;am\\u00e9lioration et d\\u2019adapter les processus pour maximiser les performances.<\\\/p>\"}}]}<\/script>\n\t\t\t\t\t<\/div>\n\t\t\t\t\t\t<\/div>\n\t\t\t\t\t<\/div>\n\t\t<\/div>\n\t\t\t\t\t<\/div>\n\t\t<\/section>\n\t\t\t\t<div class=\"elementor-element elementor-element-56cb7fe elementor-widget elementor-widget-text-editor\" data-id=\"56cb7fe\" data-element_type=\"widget\" data-e-type=\"widget\" data-widget_type=\"text-editor.default\">\n\t\t\t\t\t\t\t\t\t<p>En r\u00e9sum\u00e9, Time Tracking offre un suivi pr\u00e9cis, une gestion am\u00e9lior\u00e9e des ressources humaines et une conformit\u00e9 totale aux normes l\u00e9gales, tout en garantissant une transparence et une communication optimales au sein des \u00e9quipes.<\/p>\t\t\t\t\t\t\t\t<\/div>\n\t\t\t\t\t<\/div>\n\t\t<\/div>\n\t\t\t\t\t<\/div>\n\t\t<\/section>\n\t\t\t\t<\/div>\n\t\t","protected":false},"excerpt":{"rendered":"<p>Optimiser la gestion des absences avec Time Off : Une solution intuitive et performante La gestion des absences dans une entreprise repr\u00e9sente un enjeu majeur pour les ressources humaines. Que ce soit pour des cong\u00e9s pay\u00e9s, des RTT, des absences pour maladie ou des \u00e9v\u00e9nements familiaux, la gestion des absences peut vite devenir un casse-t\u00eate [&hellip;]<\/p>\n","protected":false},"author":1,"featured_media":0,"parent":0,"menu_order":0,"comment_status":"closed","ping_status":"closed","template":"","meta":{"footnotes":""},"class_list":["post-8316","page","type-page","status-publish","hentry"],"yoast_head":"<!-- This site is optimized with the Yoast SEO plugin v27.4 - https:\/\/yoast.com\/product\/yoast-seo-wordpress\/ -->\n<title>SAP Time Management : Simplifiez la Gestion des Horaires<\/title>\n<meta name=\"description\" content=\"Am\u00e9liorez la gestion des temps et des absences avec SAP. Suivez facilement les heures travaill\u00e9es, g\u00e9rez les plannings et assurez-vous d&#039;une gestion pr\u00e9cise et sans erreur.\" \/>\n<meta name=\"robots\" content=\"index, follow, max-snippet:-1, max-image-preview:large, max-video-preview:-1\" \/>\n<link rel=\"canonical\" href=\"https:\/\/www.kartosa.com\/fr\/gestion-des-temps\/\" \/>\n<meta property=\"og:locale\" content=\"fr_FR\" \/>\n<meta property=\"og:type\" content=\"article\" \/>\n<meta property=\"og:title\" content=\"SAP Time Management : Simplifiez la Gestion des Horaires\" \/>\n<meta property=\"og:description\" content=\"Am\u00e9liorez la gestion des temps et des absences avec SAP. Suivez facilement les heures travaill\u00e9es, g\u00e9rez les plannings et assurez-vous d&#039;une gestion pr\u00e9cise et sans erreur.\" \/>\n<meta property=\"og:url\" content=\"https:\/\/www.kartosa.com\/fr\/gestion-des-temps\/\" \/>\n<meta property=\"og:site_name\" content=\"KARTOSA \u2014 Consultant SAP SuccessFactors &amp; SAP HR en France\" \/>\n<meta property=\"article:modified_time\" content=\"2026-02-23T09:09:15+00:00\" \/>\n<meta property=\"og:image\" content=\"https:\/\/www.kartosa.com\/wp-content\/uploads\/2025\/10\/homme-utilisant-un-smartphone-et-verifiant-l-heure-1024x684.jpg\" \/>\n<meta name=\"twitter:card\" content=\"summary_large_image\" \/>\n<meta name=\"twitter:label1\" content=\"Dur\u00e9e de lecture estim\u00e9e\" \/>\n\t<meta name=\"twitter:data1\" content=\"6 minutes\" \/>\n<script type=\"application\/ld+json\" class=\"yoast-schema-graph\">{\"@context\":\"https:\\\/\\\/schema.org\",\"@graph\":[{\"@type\":\"WebPage\",\"@id\":\"https:\\\/\\\/www.kartosa.com\\\/gestion-des-temps\\\/\",\"url\":\"https:\\\/\\\/www.kartosa.com\\\/gestion-des-temps\\\/\",\"name\":\"SAP Time Management : Simplifiez la Gestion des Horaires\",\"isPartOf\":{\"@id\":\"https:\\\/\\\/www.kartosa.com\\\/#website\"},\"primaryImageOfPage\":{\"@id\":\"https:\\\/\\\/www.kartosa.com\\\/gestion-des-temps\\\/#primaryimage\"},\"image\":{\"@id\":\"https:\\\/\\\/www.kartosa.com\\\/gestion-des-temps\\\/#primaryimage\"},\"thumbnailUrl\":\"https:\\\/\\\/www.kartosa.com\\\/wp-content\\\/uploads\\\/2025\\\/10\\\/homme-utilisant-un-smartphone-et-verifiant-l-heure-1024x684.jpg\",\"datePublished\":\"2023-05-11T10:38:21+00:00\",\"dateModified\":\"2026-02-23T09:09:15+00:00\",\"description\":\"Am\u00e9liorez la gestion des temps et des absences avec SAP. Suivez facilement les heures travaill\u00e9es, g\u00e9rez les plannings et assurez-vous d'une gestion pr\u00e9cise et sans erreur.\",\"breadcrumb\":{\"@id\":\"https:\\\/\\\/www.kartosa.com\\\/gestion-des-temps\\\/#breadcrumb\"},\"inLanguage\":\"fr-FR\",\"potentialAction\":[{\"@type\":\"ReadAction\",\"target\":[\"https:\\\/\\\/www.kartosa.com\\\/gestion-des-temps\\\/\"]}]},{\"@type\":\"ImageObject\",\"inLanguage\":\"fr-FR\",\"@id\":\"https:\\\/\\\/www.kartosa.com\\\/gestion-des-temps\\\/#primaryimage\",\"url\":\"https:\\\/\\\/www.kartosa.com\\\/wp-content\\\/uploads\\\/2025\\\/10\\\/homme-utilisant-un-smartphone-et-verifiant-l-heure-1024x684.jpg\",\"contentUrl\":\"https:\\\/\\\/www.kartosa.com\\\/wp-content\\\/uploads\\\/2025\\\/10\\\/homme-utilisant-un-smartphone-et-verifiant-l-heure-1024x684.jpg\"},{\"@type\":\"BreadcrumbList\",\"@id\":\"https:\\\/\\\/www.kartosa.com\\\/gestion-des-temps\\\/#breadcrumb\",\"itemListElement\":[{\"@type\":\"ListItem\",\"position\":1,\"name\":\"Accueil\",\"item\":\"https:\\\/\\\/www.kartosa.com\\\/fr\\\/\"},{\"@type\":\"ListItem\",\"position\":2,\"name\":\"Gestion des temps\"}]},{\"@type\":\"WebSite\",\"@id\":\"https:\\\/\\\/www.kartosa.com\\\/#website\",\"url\":\"https:\\\/\\\/www.kartosa.com\\\/\",\"name\":\"KARTOSA\",\"description\":\"\",\"potentialAction\":[{\"@type\":\"SearchAction\",\"target\":{\"@type\":\"EntryPoint\",\"urlTemplate\":\"https:\\\/\\\/www.kartosa.com\\\/?s={search_term_string}\"},\"query-input\":{\"@type\":\"PropertyValueSpecification\",\"valueRequired\":true,\"valueName\":\"search_term_string\"}}],\"inLanguage\":\"fr-FR\"}]}<\/script>\n<!-- \/ Yoast SEO plugin. -->","yoast_head_json":{"title":"SAP Time Management : Simplifiez la Gestion des Horaires","description":"Am\u00e9liorez la gestion des temps et des absences avec SAP. Suivez facilement les heures travaill\u00e9es, g\u00e9rez les plannings et assurez-vous d'une gestion pr\u00e9cise et sans erreur.","robots":{"index":"index","follow":"follow","max-snippet":"max-snippet:-1","max-image-preview":"max-image-preview:large","max-video-preview":"max-video-preview:-1"},"canonical":"https:\/\/www.kartosa.com\/fr\/gestion-des-temps\/","og_locale":"fr_FR","og_type":"article","og_title":"SAP Time Management : Simplifiez la Gestion des Horaires","og_description":"Am\u00e9liorez la gestion des temps et des absences avec SAP. Suivez facilement les heures travaill\u00e9es, g\u00e9rez les plannings et assurez-vous d'une gestion pr\u00e9cise et sans erreur.","og_url":"https:\/\/www.kartosa.com\/fr\/gestion-des-temps\/","og_site_name":"KARTOSA \u2014 Consultant SAP SuccessFactors &amp; SAP HR en France","article_modified_time":"2026-02-23T09:09:15+00:00","og_image":[{"url":"https:\/\/www.kartosa.com\/wp-content\/uploads\/2025\/10\/homme-utilisant-un-smartphone-et-verifiant-l-heure-1024x684.jpg","type":"","width":"","height":""}],"twitter_card":"summary_large_image","twitter_misc":{"Dur\u00e9e de lecture estim\u00e9e":"6 minutes"},"schema":{"@context":"https:\/\/schema.org","@graph":[{"@type":"WebPage","@id":"https:\/\/www.kartosa.com\/gestion-des-temps\/","url":"https:\/\/www.kartosa.com\/gestion-des-temps\/","name":"SAP Time Management : Simplifiez la Gestion des Horaires","isPartOf":{"@id":"https:\/\/www.kartosa.com\/#website"},"primaryImageOfPage":{"@id":"https:\/\/www.kartosa.com\/gestion-des-temps\/#primaryimage"},"image":{"@id":"https:\/\/www.kartosa.com\/gestion-des-temps\/#primaryimage"},"thumbnailUrl":"https:\/\/www.kartosa.com\/wp-content\/uploads\/2025\/10\/homme-utilisant-un-smartphone-et-verifiant-l-heure-1024x684.jpg","datePublished":"2023-05-11T10:38:21+00:00","dateModified":"2026-02-23T09:09:15+00:00","description":"Am\u00e9liorez la gestion des temps et des absences avec SAP. Suivez facilement les heures travaill\u00e9es, g\u00e9rez les plannings et assurez-vous d'une gestion pr\u00e9cise et sans erreur.","breadcrumb":{"@id":"https:\/\/www.kartosa.com\/gestion-des-temps\/#breadcrumb"},"inLanguage":"fr-FR","potentialAction":[{"@type":"ReadAction","target":["https:\/\/www.kartosa.com\/gestion-des-temps\/"]}]},{"@type":"ImageObject","inLanguage":"fr-FR","@id":"https:\/\/www.kartosa.com\/gestion-des-temps\/#primaryimage","url":"https:\/\/www.kartosa.com\/wp-content\/uploads\/2025\/10\/homme-utilisant-un-smartphone-et-verifiant-l-heure-1024x684.jpg","contentUrl":"https:\/\/www.kartosa.com\/wp-content\/uploads\/2025\/10\/homme-utilisant-un-smartphone-et-verifiant-l-heure-1024x684.jpg"},{"@type":"BreadcrumbList","@id":"https:\/\/www.kartosa.com\/gestion-des-temps\/#breadcrumb","itemListElement":[{"@type":"ListItem","position":1,"name":"Accueil","item":"https:\/\/www.kartosa.com\/fr\/"},{"@type":"ListItem","position":2,"name":"Gestion des temps"}]},{"@type":"WebSite","@id":"https:\/\/www.kartosa.com\/#website","url":"https:\/\/www.kartosa.com\/","name":"KARTOSA","description":"","potentialAction":[{"@type":"SearchAction","target":{"@type":"EntryPoint","urlTemplate":"https:\/\/www.kartosa.com\/?s={search_term_string}"},"query-input":{"@type":"PropertyValueSpecification","valueRequired":true,"valueName":"search_term_string"}}],"inLanguage":"fr-FR"}]}},"_links":{"self":[{"href":"https:\/\/www.kartosa.com\/fr\/wp-json\/wp\/v2\/pages\/8316","targetHints":{"allow":["GET"]}}],"collection":[{"href":"https:\/\/www.kartosa.com\/fr\/wp-json\/wp\/v2\/pages"}],"about":[{"href":"https:\/\/www.kartosa.com\/fr\/wp-json\/wp\/v2\/types\/page"}],"author":[{"embeddable":true,"href":"https:\/\/www.kartosa.com\/fr\/wp-json\/wp\/v2\/users\/1"}],"replies":[{"embeddable":true,"href":"https:\/\/www.kartosa.com\/fr\/wp-json\/wp\/v2\/comments?post=8316"}],"version-history":[{"count":0,"href":"https:\/\/www.kartosa.com\/fr\/wp-json\/wp\/v2\/pages\/8316\/revisions"}],"wp:attachment":[{"href":"https:\/\/www.kartosa.com\/fr\/wp-json\/wp\/v2\/media?parent=8316"}],"curies":[{"name":"wp","href":"https:\/\/api.w.org\/{rel}","templated":true}]}}